{"version":"1.0","provider_name":"Mai M\u00f3ni","provider_url":"https:\/\/maimoni.cafeblog.hu","author_name":"maimoni","author_url":"https:\/\/maimoni.cafeblog.hu\/author\/maimoni-2\/","title":"Siena, te dr\u00e1ga","html":"<p>\u00c9szrevett\u00e9tek, hogy ad\u00f3s maradtam a tavalyi nyaral\u00e1sb\u00f3l m\u00e9g valamivel? Bizony, nem fejeztem be, magam sem \u00e9rtettem, mi\u00e9rt, de a m\u00falt h\u00e9ten vil\u00e1goss\u00e1 v\u00e1lt: valami m\u00e9g hi\u00e1nyzott ahhoz, hogy az utols\u00f3 sztori, a sienai, teljes legyen.<\/p>\r\n<p>Most (azaz 2020 \u00e1prilis v\u00e9g\u00e9n!) j\u00f6tt meg ugyanis a 120 eur\u00f3s b\u00fcntet\u00e9s, amit a sienai rend\u0151rs\u00e9g le is akci\u00f3zott 95 eur\u00f3ra k\u00e9r\u00e9s n\u00e9lk\u00fcl; magyar nyelv\u0171 kezel\u0151fel\u00fclet is van, ahova bel\u00e9phetsz a neten a lev\u00e9lben megkapott jelsz\u00f3val, \u00e9s tudatj\u00e1k veled, mi is volt a \"b\u0171ncselekm\u00e9ny elk\u00f6vet\u00e9s\u00e9nek id\u0151pontja\" (a mi\u00e9nk 2019. szeptember 1.), illetve, hogy mit is k\u00f6vetett el az ember tulajdonk\u00e9ppen - h\u00e1t persze, hogy behajtottunk valami tiltott z\u00f3n\u00e1ba v\u00e9g\u00fcl (aminek az elker\u00fcl\u00e9s\u00e9re a <a href=\"https:\/\/maimoni.cafeblog.hu\/2019\/10\/23\/egy-nap-firenzeben-mire-eleg\/\">firenzei bejegyz\u00e9semben<\/a> olyan k\u00f6r\u00fcltekint\u0151en felh\u00edvtam a figyelmeteket). Nem vett\u00fck \u00e9szre, komolyan mondom! De bezzeg a kamera l\u00e1tott minket, sajnos, err\u0151l f\u00e9nyk\u00e9p is tan\u00faskodik...<a href=\"https:\/\/maimoni.cafeblog.hu\/files\/2020\/04\/Inkedbuntetes2_LI.jpg\"><img class=\"aligncenter size-large wp-image-18449\" src=\"https:\/\/maimoni.cafeblog.hu\/files\/2020\/04\/Inkedbuntetes2_LI-600x368.jpg\" alt=\"\" width=\"600\" height=\"368\" \/><\/a>De persze, a v\u00e1ros megl\u00e1togat\u00e1sakor, illetve a t\u00e1voz\u00e1skor sem tudtuk ezt, \u00fagyhogy t\u00f6bb, mint f\u00e9l \u00e9vig Siena \u00fagy \u00e9lt bennem, mint a legklasszabb kir\u00e1ndul\u00e1sunk mind k\u00f6z\u00fcl. Na j\u00f3, a v\u00e1ros csod\u00e1s, azt most is tartom, de az\u00e9rt... Egyszer\u0171en nem \u00e9rtem, hogyan ker\u00fclhette el mindkett\u0151nk figyelm\u00e9t, hogy tilos z\u00f3n\u00e1ba ment\u00fcnk, de gyan\u00edtom, hogy csak olaszul volt ki\u00edrva, csak viszonylag kis bet\u0171kkel. Ha nem, akkor \u00e9n k\u00e9rek eln\u00e9z\u00e9st.<\/p>\r\n<p>Na mindegy, \u00fcgyesen kital\u00e1lt\u00e1k ezt, k\u00e1rty\u00e1val fizetheted a neten kereszt\u00fcl a b\u00fcntet\u00e9st, azt\u00e1n bor\u00edtsa a feled\u00e9s j\u00f3t\u00e9kony hom\u00e1lya, f\u0151leg, hogy sz\u00fcks\u00e9g\u00fcnk van a sz\u00e9p olasz eml\u00e9kekre, ki tudja, mikor jutunk el oda \u00fajra. <a href=\"https:\/\/maimoni.cafeblog.hu\/files\/2020\/04\/IMG_20190901_121735.jpg\"><img class=\"aligncenter size-large wp-image-18450\" src=\"https:\/\/maimoni.cafeblog.hu\/files\/2020\/04\/IMG_20190901_121735-600x450.jpg\" alt=\"\" width=\"600\" height=\"450\" \/><\/a>A fenti k\u00e9pet akkor k\u00e9sz\u00edtettem, amikor v\u00e9gre tal\u00e1ltunk parkol\u00f3helyet (val\u00f3sz\u00edn\u0171, hogy m\u00e1r eleve rossz helyen), \u00e9s elindultunk be az \u00f3v\u00e1rosba. Ketten j\u00f6tt\u00fcnk ide, egy\u00e9bk\u00e9nt, tekintettel arra, hogy ez volt nyaral\u00e1sunk utols\u00f3 teljes napja, a gyerekek a tengerhez akartak menni, mi meg biztosan nem, \u00e9s h\u00e1t Siena - t\u00f6bbek k\u00f6z\u00f6tt - m\u00e9g nagyon hi\u00e1nyzott a megtekintend\u0151 toszk\u00e1n v\u00e1rosok sor\u00e1b\u00f3l. \u00dagyhogy elk\u00e9sz\u00edtett\u00fck a hagyom\u00e1nyos <a href=\"https:\/\/maimoni.cafeblog.hu\/2019\/09\/01\/eljott-szeptember-1-itt-a-hagyomanyos-csaladi-foto\/\">szeptember elsejei fot\u00f3t<\/a>, majd a\u00a0 <a href=\"https:\/\/maimoni.cafeblog.hu\/2019\/10\/03\/casale-marittimo-toszkana-titkos-gyongyszeme\/\">a szok\u00e1sos reggeli k\u00e1v\u00e9 ut\u00e1n\u00a0<\/a>f\u00e9rjemmel kocsiba pattantunk, \u00e9s uccu, \u00e1rkon-bokron, kanyarg\u00f3s utakon \u00e1t c\u00e9lba vett\u00fck Sien\u00e1t.<\/p>\r\n<p>Nem fogj\u00e1tok elhinni, kik hoztak itt el\u0151sz\u00f6r l\u00e9tre telep\u00fcl\u00e9st! H\u00e1t persze, <a href=\"https:\/\/maimoni.cafeblog.hu\/2019\/10\/19\/a-toszkan-nyaralas-masodik-kirandulasa-volterra-san-gimignano\/\">hogy az etruszkok<\/a>! <a href=\"https:\/\/maimoni.cafeblog.hu\/files\/2020\/04\/siena1.jpg\"><img class=\"aligncenter size-large wp-image-18452\" src=\"https:\/\/maimoni.cafeblog.hu\/files\/2020\/04\/siena1-600x262.jpg\" alt=\"\" width=\"600\" height=\"262\" \/><\/a>A v\u00e1ros k\u00e9t legkiemeltebb l\u00e1tnival\u00f3ja a d\u00f3m, \u00e9s a fenti k\u00e9pen is l\u00e1that\u00f3 legyez\u0151 alak\u00fa t\u00e9r, a Piazza del Campo, amely \u00e9vente k\u00e9tszer ad otthont a Palio-nak, azaz annak a lovasversenynek, amely oly sok filmben megjelent m\u00e1r, \u00e9s amelynek mint\u00e1j\u00e1ra n\u00e1lunk \u00e9letre h\u00edvt\u00e1k a Nemzeti V\u00e1gt\u00e1t.<\/p>\r\n<p>A t\u00e9ren le\u00fclt\u00fcnk egy k\u00e1v\u00e9ra - nan\u00e1, hogy horror \u00e1ron, de ezeken a helyeken m\u00e1r csak ez van -, majd teljesen ad hoc m\u00f3don kezdt\u00fcnk s\u00e9t\u00e1lgatni a teret k\u00f6r\u00fclvev\u0151 kis utc\u00e1csk\u00e1kban. Rendk\u00edv\u00fcl hangulatos, tele fantasztikus \u00e9p\u00fcletekkel.<a href=\"https:\/\/maimoni.cafeblog.hu\/files\/2020\/04\/IMG_20190901_143806.jpg\"><img class=\"aligncenter size-large wp-image-18459\" src=\"https:\/\/maimoni.cafeblog.hu\/files\/2020\/04\/IMG_20190901_143806-483x600.jpg\" alt=\"\" width=\"483\" height=\"600\" \/><\/a><\/p>\r\n<p>Sz\u00f3val s\u00e9t\u00e1lgattunk, s\u00e9t\u00e1lgattunk, \u00e9s egyszer csak a d\u00f3mn\u00e1l tal\u00e1ltuk magunkat. A bej\u00e1rat\u00e1val szemben helyezkedik el a legr\u00e9gebbi k\u00f6z\u00e9pkori k\u00f3rh\u00e1z \u00e9p\u00fclete, a Santa Maria della Scala, amelynek a l\u00e1bazat\u00e1t \u00fagy alak\u00edtott\u00e1k ki, hogy bem\u00e9lyed\u00e9ssel folytat\u00f3dik a fal, vagy hogy is mondjam, a l\u00e9nyeg az, hogy fel lehet r\u00e1 \u00fclni nagyon k\u00e9nyelmesen, mi is ezt tett\u00fck, \u00e9s innen szeml\u00e9lt\u00fck a h\u00edres fekete-feh\u00e9r d\u00f3mot, illetve a h\u00f6mp\u00f6lyg\u0151 turista\u00e1radatot. Nem volt kedv\u00fcnk egy\u00fctt h\u00f6mp\u00f6ly\u00f6gni, \u00e1m \u00fcld\u00f6g\u00e9lni, n\u00e9zel\u0151dni, besz\u00e9lgetni kicsit ann\u00e1l ink\u00e1bb. <a href=\"https:\/\/maimoni.cafeblog.hu\/files\/2020\/04\/IMG_20190901_151508-1.jpg\"><img class=\"aligncenter size-large wp-image-18460\" src=\"https:\/\/maimoni.cafeblog.hu\/files\/2020\/04\/IMG_20190901_151508-1-600x556.jpg\" alt=\"\" width=\"600\" height=\"556\" \/><\/a><\/p>\r\n<p>Sz\u00f3val \u00fcld\u00f6g\u00e9lt\u00fcnk, figyelt\u00fck az \u00e9p\u00fcletet - teljes neve egy\u00e9bk\u00e9nt Cattedrale<br \/>Metropolitana di Santa Maria Assunta -, \u00e9s ahogy egyre t\u00f6bb r\u00e9szletet \u00e9szrevett\u00fcnk, \u00fagy d\u00f6bbent\u00fcnk meg mind jobban \u00e9s jobban azon, hogy valami elk\u00e9peszt\u0151, micsoda alkot\u00e1sokat hoztak l\u00e9tre a k\u00f6z\u00e9pkorban. <a href=\"https:\/\/maimoni.cafeblog.hu\/files\/2020\/04\/IMG_20190901_151622-1.jpg\"><img class=\"aligncenter size-large wp-image-18461\" src=\"https:\/\/maimoni.cafeblog.hu\/files\/2020\/04\/IMG_20190901_151622-1-450x600.jpg\" alt=\"\" width=\"450\" height=\"600\" \/><\/a><\/p>\r\n<p>A XII. sz\u00e1zad k\u00f6zepe t\u00e1j\u00e1n kezdt\u00e9k \u00e9p\u00edteni, 1179. november 18-\u00e1n megt\u00f6rt\u00e9nt az \u00e9p\u00fclet p\u00e1pai felszentel\u00e9se, de az \u00e9p\u00edt\u00e9s folyt tov\u00e1bb: 1348-ban a nagy pestisj\u00e1rv\u00e1ny vetett v\u00e9get annak a nagyrat\u00f6r\u0151 tervnek, hogy Firenz\u00e9nek fityiszt mutatva ez a d\u00f3m\u00e9p\u00fclet csup\u00e1n a kereszthaj\u00f3ja lesz majd a v\u00e9glegesnek, amelyet 50 m\u00e9ter hossz\u00fara, \u00e9s 30 m\u00e9ter sz\u00e9lesre terveztek. A j\u00e1rv\u00e1ny k\u00f6vetkezt\u00e9ben azonban a lakoss\u00e1g harmada meghalt, sokan elk\u00f6lt\u00f6ztek, \u00edgy azt\u00e1n Siena Firenz\u00e9vel folytatott kor\u00e1bbi poz\u00edci\u00f3harca eld\u0151lt: ut\u00f3bbi meger\u0151s\u00f6d\u00f6tt, el\u0151bbi pedig lemaradt a fejl\u0151d\u00e9sben. Ennek is k\u00f6sz\u00f6nhet\u0151 egy\u00e9bk\u00e9nt, hogy az \u00f3don falak k\u00f6z\u00f6tt Firenz\u00e9vel szemben nem a renesz\u00e1nsz, hanem a k\u00f6z\u00e9pkor m\u0171v\u00e9szete k\u00f6sz\u00f6n r\u00e1nk \u00e1lland\u00f3an. <a href=\"https:\/\/maimoni.cafeblog.hu\/files\/2020\/04\/IMG_20190901_160241.jpg\"><img class=\"aligncenter size-large wp-image-18457\" src=\"https:\/\/maimoni.cafeblog.hu\/files\/2020\/04\/IMG_20190901_160241-450x600.jpg\" alt=\"\" width=\"450\" height=\"600\" \/><\/a>El is lehet f\u00e1radni rendesen a n\u00e9zel\u0151d\u00e9sben... de meg\u00e9ri. A k\u00f6vetkez\u0151 nagy felfedez\u00e9s\u00fcnk a zsinag\u00f3ga volt, amire eg\u00e9szen v\u00e9letlen\u00fcl bukkantunk. Tudom, tudom, nagy felel\u0151tlens\u00e9g volt Sien\u00e1ba konkr\u00e9t terv n\u00e9lk\u00fcl \u00e9rkezn\u00fcnk, de ez egy ilyen nap volt. Sodr\u00f3dtunk az \u00e1rral. <a href=\"https:\/\/maimoni.cafeblog.hu\/files\/2020\/04\/IMG_20190901_143151.jpg\"><img class=\"aligncenter size-large wp-image-18463\" src=\"https:\/\/maimoni.cafeblog.hu\/files\/2020\/04\/IMG_20190901_143151-600x459.jpg\" alt=\"\" width=\"600\" height=\"459\" \/><\/a>K\u00edv\u00fclr\u0151l viszonylag jellegtelen, bel\u00fclr\u0151l \u00e1ll\u00edt\u00f3lag csod\u00e1san fel\u00faj\u00edtott, \u00e1m ezt nem tudtuk megn\u00e9zni sajnos. Viszont nagyon hangulatos kis sik\u00e1toron kereszt\u00fcl ment\u00fcnk innen tov\u00e1bb, mutatom. <a href=\"https:\/\/maimoni.cafeblog.hu\/files\/2020\/04\/IMG_20190901_143530.jpg\"><img class=\"aligncenter size-large wp-image-18464\" src=\"https:\/\/maimoni.cafeblog.hu\/files\/2020\/04\/IMG_20190901_143530-450x600.jpg\" alt=\"\" width=\"450\" height=\"600\" \/><\/a>Egy s\u00fctis boltba is bet\u00e9vedt\u00fcnk, h\u00e1t persze, \u00e9s akkor m\u00e1r k\u00f3stoltunk is n\u00e9h\u00e1ny finoms\u00e1got.<\/p>\r\n<p><a href=\"https:\/\/maimoni.cafeblog.hu\/files\/2020\/04\/IMG_20190901_122533.jpg\"><img class=\"aligncenter size-large wp-image-18466\" src=\"https:\/\/maimoni.cafeblog.hu\/files\/2020\/04\/IMG_20190901_122533-450x600.jpg\" alt=\"\" width=\"450\" height=\"600\" \/><\/a>Torta della nonn\u00e1t (als\u00f3 polc), piszt\u00e1ci\u00e1s cannolit (k\u00f6z\u00e9pen a z\u00f6ld), \u00e9s a jellegzetes sienai s\u00fctem\u00e9nyt, a panfort\u00e9t, ami nincs ugyan a k\u00e9pen, de terveim szerint hamarosan k\u00f6zelebbr\u0151l is megmutatom nektek.<\/p>\r\n<p><a href=\"https:\/\/maimoni.cafeblog.hu\/files\/2020\/04\/IMG_20190901_122737.jpg\"><img class=\"aligncenter size-large wp-image-18467\" src=\"https:\/\/maimoni.cafeblog.hu\/files\/2020\/04\/IMG_20190901_122737-450x600.jpg\" alt=\"\" width=\"450\" height=\"600\" \/><\/a>Nem \u00e1jultunk el egyikt\u0151l sem, egy\u00e9bk\u00e9nt, de van egy olyan \u00e9rz\u00e9sem, hogy valami kev\u00e9sb\u00e9 turist\u00e1s helyen kell ezeket megk\u00f3stolni, \u00e9s m\u00e1s lesz az \u00e9lm\u00e9ny.<\/p>\r\n<p>D\u00e9lut\u00e1n \u00f6t k\u00f6r\u00fcl t\u00e1voztunk a v\u00e1rosb\u00f3l - a b\u00fcntet\u00e9ssel \u00e9rkez\u0151 fot\u00f3 tan\u00fas\u00e1ga szerint 16:54-kor hajtottunk \u00e1t kifele j\u00f6vet valami kamer\u00e1s ponton. A sok gyalogl\u00e1s ellen\u00e9re felt\u00f6lt\u0151dve indultunk vissza \u00e1llom\u00e1shely\u00fcnkre, a szint\u00e9n fest\u0151i sz\u00e9ps\u00e9g\u0171 <a href=\"https:\/\/maimoni.cafeblog.hu\/2019\/10\/03\/casale-marittimo-toszkana-titkos-gyongyszeme\/\">Casale Marittim\u00f3ba<\/a>. M\u00e1snap azt\u00e1n \u00f6sszecsomagoltunk, kir\u00e1moltuk a cuccainkat az aut\u00f3kba, \u00e9s nekiv\u00e1gtunk a haza\u00fatnak. Szomor\u00faan intett\u00fcnk b\u00facs\u00fat Toszk\u00e1n\u00e1nak, \u00e9s \u00e9n titokban rem\u00e9ltem, hogy hamarosan \u00fajra visszat\u00e9r\u00fcnk majd ide.<\/p>\r\n<p>Most egyel\u0151re maradnak az eml\u00e9kek.<\/p>\r\n<p>&nbsp;<\/p>\r\n<p><a href=\"https:\/\/maimoni.cafeblog.hu\/2019\/11\/29\/a-toszkan-strand-amirol-azt-mondjak-mergezo-amugy-meg-olyan-mintha-a-maldiv-szigeteken-jarnal\/\">&lt;&lt;Az el\u0151z\u0151 t\u00f6rt\u00e9net<\/a><\/p>\r\n<p>&nbsp;<\/p>\r\n<p>&nbsp;<\/p>","type":"rich","thumbnail_url":"https:\/\/maimoni.cafeblog.hu\/files\/2020\/04\/siena1-150x150.jpg","thumbnail_width":150,"thumbnail_height":150}