{"version":"1.0","provider_name":"Mai M\u00f3ni","provider_url":"https:\/\/maimoni.cafeblog.hu","author_name":"maimoni","author_url":"https:\/\/maimoni.cafeblog.hu\/author\/maimoni-2\/","title":"Cukr\u00e1szda megnyit\u00f3 k\u00e9pekben","html":"<p>Meggy\u0151z\u0151d\u00e9sem, hogy az \u00e9let\u00fcnk egyik legfontosabb alappill\u00e9re a h\u00e1la. Ha az ember nem tud h\u00e1l\u00e1s lenni, a sz\u00edve megkem\u00e9nyedik, \u00e9rz\u00e9ketlenn\u00e9 v\u00e1lik. Tudni kell k\u00f6sz\u00f6n\u00f6m\u00f6t mondani, \u00e9s ezt n\u00e9ha olyankor is meg kell tenni, amikor neh\u00e9z.<\/p>\r\n<p>Na de most nem ilyen helyzet volt n\u00e1lunk - noha volt m\u00e1r ilyen is, de mindegy, ebbe most nem bonyol\u00f3dom bele.<\/p>\r\n<p>Teh\u00e1t.<\/p>\r\n<p>Az elm\u00falt h\u00f3napok a <a href=\"https:\/\/maimoni.cafeblog.hu\/2018\/05\/17\/cukraszdat-nyitunk\/\">cukr\u00e1szdanyit\u00e1sr\u00f3l sz\u00f3ltak<\/a>, biztosan sokan unj\u00e1tok is m\u00e1r, de ez h\u00e1l\u00f3zta be az \u00e9let\u00fcnket, sokszor ezzel kelt\u00fcnk, fek\u00fcdt\u00fcnk, \u00fagy t\u0171nt, hogy nem j\u00f6n \u00f6ssze, azt\u00e1n cs\u00faszott a dolog - eml\u00e9keztek, <a href=\"https:\/\/maimoni.cafeblog.hu\/2018\/06\/14\/mindjart-nyitunk\/\">mindig mondtam, hogy k\u00e9t h\u00e9t<\/a> -, \u00e9s h\u00e1t v\u00e9g\u00fcl megt\u00f6rt\u00e9nt: <a href=\"https:\/\/maimoni.cafeblog.hu\/2018\/06\/28\/megnyitottunk\/\">kinyitottunk<\/a>. Igaz, szinte titokban, \u00e9s nagyon nem akartuk, hogy b\u00e1rki is bej\u00f6jj\u00f6n, mert b\u00e1r s\u00fctink volt, de hi\u00e1nyzott egy csom\u00f3 minden, p\u00e9ld\u00e1ul nem volt j\u00f3 a k\u00e1v\u00e9g\u00e9p, kotyog\u00f3sb\u00f3l f\u0151ztem a k\u00e1v\u00e9t annak, aki bev\u00e1llalta - \u00e9s nemcsak, hogy bev\u00e1llalt\u00e1k, de m\u00e9g \u00f6r\u00fcltek is neki! Nem \u00e9rkeztek meg a l\u00e1mpab\u00far\u00e1k, vezet\u00e9kek l\u00f3gtak a plafonb\u00f3l - de a legt\u00f6bben ezt \u00e9szre sem vett\u00e9k.<\/p>\r\n<p>A megnyit\u00f3 napj\u00e1t a m\u00e1sodik h\u00e9t v\u00e9g\u00e9re t\u0171zt\u00fck ki, gondoltuk, addigra m\u00e1r nagyj\u00e1b\u00f3l rendben lesz minden, \u00e9s h\u00e1t igen, \u00fagy nagyj\u00e1b\u00f3l rendben is volt. Egy \u00fczletnyit\u00e1s k\u00f6r\u00fcl rengeteg teend\u0151 akad, nem is tudom, hogyan tudj\u00e1k sokan \u00f6sszehozni t\u00f6k\u00e9letesre a megnyit\u00f3 napj\u00e1ra - tal\u00e1n \u00fagy, hogy van r\u00e1 el\u00e9g p\u00e9nz \u00e9s id\u0151, nos, eset\u00fcnkben id\u0151 m\u00e9g csak-csak, de p\u00e9nz, h\u00e1t, az volt a legkevesebb.<\/p>\r\n<p>Nem akartunk hitelt felvenni. Azt tanultuk meg ugyanis nagyon f\u00e1jdalmas, \u00e9s dr\u00e1ga \u00e1ron, hogy addig ny\u00fajt\u00f3zkodjunk csak, ameddig a takar\u00f3nk \u00e9r. \u00cdgy azt\u00e1n a bev\u00e9tel\u00fcnkb\u0151l forgattunk vissza a leend\u0151 cukr\u00e1szd\u00e1nkba, \u00e9s ha csak ennyi t\u00f6rt\u00e9nt volna, m\u00e9g tal\u00e1n most sem nyitottunk volna meg. \u00c1m mell\u00e9nk \u00e1lltak olyan emberek, akik valami\u00e9rt fontosnak \u00e9rezt\u00e9k a mi \u00fcgy\u00fcnket, \u00e9s ki \u00edgy, ki \u00fagy t\u00e1mogatott benn\u00fcnket c\u00e9lunk el\u00e9r\u00e9s\u00e9ben.<\/p>\r\n<p>Szerett\u00fck volna valahogy megk\u00f6sz\u00f6nni mindenkinek a seg\u00edts\u00e9get, ez\u00e9rt rendezt\u00fck meg ezt a megnyit\u00f3 \u00fcnneps\u00e9get, ahol r\u00e9szt vettek bar\u00e1tok, munkat\u00e1rsak, \u00e9s sokan azok k\u00f6z\u00fcl, akik valamit hozz\u00e1tettek ahhoz, hogy a M\u00f3niS\u00fcti cukr\u00e1szda megnyithatott Gyenesdi\u00e1son, a Mad\u00e1ch utca 46 sz\u00e1m alatt.<\/p>\r\n<p>K\u00f6vetkezzenek a k\u00e9pek, amelyek\u00e9rt k\u00f6sz\u00f6net dr. B\u00e1nhegyi Gabriell\u00e1nak, aki vel\u00fcnk ellent\u00e9tben m\u00e9g f\u00e9nyk\u00e9pez\u0151g\u00e9pet is hozott mag\u00e1val...:-)<\/p>\r\n<p><a href=\"https:\/\/maimoni.cafeblog.hu\/files\/2018\/07\/megnyito1.jpg\"><img class=\"aligncenter size-large wp-image-15879\" src=\"https:\/\/maimoni.cafeblog.hu\/files\/2018\/07\/megnyito1-600x406.jpg\" alt=\"\" width=\"600\" height=\"406\" \/><\/a><\/p>\r\n<p>&nbsp;<\/p>\r\n[caption id=\"attachment_15880\" align=\"aligncenter\" width=\"600\"]<a href=\"https:\/\/maimoni.cafeblog.hu\/files\/2018\/07\/megnyito2.jpg\"><img class=\"wp-image-15880 size-large\" src=\"https:\/\/maimoni.cafeblog.hu\/files\/2018\/07\/megnyito2-600x400.jpg\" alt=\"\" width=\"600\" height=\"400\" \/><\/a> Nagyon j\u00f3kat ett\u00fcnk: a smokerben s\u00fclt h\u00fasokat N\u00e9meth Tam\u00e1s sz\u00e1ll\u00edtotta nek\u00fcnk.[\/caption]\r\n<p>&nbsp;<\/p>\r\n[caption id=\"attachment_15881\" align=\"aligncenter\" width=\"450\"]<a href=\"https:\/\/maimoni.cafeblog.hu\/files\/2018\/07\/megnyito4.jpg\"><img class=\"wp-image-15881 size-large\" src=\"https:\/\/maimoni.cafeblog.hu\/files\/2018\/07\/megnyito4-450x600.jpg\" alt=\"\" width=\"450\" height=\"600\" \/><\/a> <a href=\"https:\/\/maimoni.cafeblog.hu\/2018\/07\/02\/flora-uj-elso-100-napja\/\">Fl\u00f3ra is<\/a> elj\u00f6tt.[\/caption]\r\n[caption id=\"attachment_15883\" align=\"aligncenter\" width=\"600\"]<a href=\"https:\/\/maimoni.cafeblog.hu\/files\/2018\/07\/megnyito5.jpg\"><img class=\"wp-image-15883 size-large\" src=\"https:\/\/maimoni.cafeblog.hu\/files\/2018\/07\/megnyito5-600x400.jpg\" alt=\"\" width=\"600\" height=\"400\" \/><\/a> Igen, gondoltunk a kuty\u00e1kra is. Minden nap friss vizet tesz\u00fcnk ki a kis (\u00e9s nagy) kedvenceknek.[\/caption]\r\n[caption id=\"attachment_15884\" align=\"aligncenter\" width=\"600\"]<a href=\"https:\/\/maimoni.cafeblog.hu\/files\/2018\/07\/megnyito6.jpg\"><img class=\"wp-image-15884 size-large\" src=\"https:\/\/maimoni.cafeblog.hu\/files\/2018\/07\/megnyito6-600x400.jpg\" alt=\"\" width=\"600\" height=\"400\" \/><\/a> \u00c9s \u00edme, itt az ajt\u00f3n kifesz\u00edtett szalag. Nem nemzeti sz\u00edn\u0171, hanem csipk\u00e9s.[\/caption]\r\n[caption id=\"attachment_15885\" align=\"aligncenter\" width=\"600\"]<a href=\"https:\/\/maimoni.cafeblog.hu\/files\/2018\/07\/megnyito7.jpg\"><img class=\"wp-image-15885 size-large\" src=\"https:\/\/maimoni.cafeblog.hu\/files\/2018\/07\/megnyito7-600x400.jpg\" alt=\"\" width=\"600\" height=\"400\" \/><\/a> A szalag \u00e1tv\u00e1g\u00e1sa el\u0151tt egy fot\u00f3 az \u00fcres bels\u0151 t\u00e9rr\u0151l: v\u00e9g\u00fcl az Ikea Norrakker nev\u0171 asztal\u00e1n\u00e1l d\u00f6nt\u00f6tt\u00fck, a sz\u00e9keket pedig a butopea.com-r\u00f3l rendelt\u00fck.[\/caption]\r\n[caption id=\"attachment_15886\" align=\"aligncenter\" width=\"600\"]<a href=\"https:\/\/maimoni.cafeblog.hu\/files\/2018\/07\/megnyito8.jpg\"><img class=\"wp-image-15886 size-large\" src=\"https:\/\/maimoni.cafeblog.hu\/files\/2018\/07\/megnyito8-600x400.jpg\" alt=\"\" width=\"600\" height=\"400\" \/><\/a> Kit\u00f6lt\u00f6tt\u00fck a pezsg\u0151ket...[\/caption]\r\n[caption id=\"attachment_15887\" align=\"aligncenter\" width=\"600\"]<a href=\"https:\/\/maimoni.cafeblog.hu\/files\/2018\/07\/megnyito9.jpg\"><img class=\"wp-image-15887 size-large\" src=\"https:\/\/maimoni.cafeblog.hu\/files\/2018\/07\/megnyito9-600x400.jpg\" alt=\"\" width=\"600\" height=\"400\" \/><\/a> ...\u00e9s mindenki izgatottan v\u00e1rta a szalag\u00e1tv\u00e1g\u00e1s pillanat\u00e1t.[\/caption]\r\n[caption id=\"attachment_15889\" align=\"aligncenter\" width=\"600\"]<a href=\"https:\/\/maimoni.cafeblog.hu\/files\/2018\/07\/megnyito11.jpg\"><img class=\"wp-image-15889 size-large\" src=\"https:\/\/maimoni.cafeblog.hu\/files\/2018\/07\/megnyito11-600x400.jpg\" alt=\"\" width=\"600\" height=\"400\" \/><\/a> Ad\u00e9lka, a kis unokah\u00fag is.[\/caption]\r\n[caption id=\"attachment_15888\" align=\"aligncenter\" width=\"358\"]<a href=\"https:\/\/maimoni.cafeblog.hu\/files\/2018\/07\/megnyito10.jpg\"><img class=\"wp-image-15888 size-large\" src=\"https:\/\/maimoni.cafeblog.hu\/files\/2018\/07\/megnyito10-358x600.jpg\" alt=\"\" width=\"358\" height=\"600\" \/><\/a> Az els\u0151, aki v\u00e1g: Mayerhoffer L\u00e1szl\u00f3, akit\u0151l \u00fagy \u00f6t \u00e9vvel ezel\u0151tt elhangzott az a mondat, hogy <a href=\"https:\/\/maimoni.cafeblog.hu\/2014\/07\/04\/sutemenyeim-a-balaton-korul-i-resz-cukraszsagom-tortenete\/\">\"te, nem akarsz nekem s\u00fctem\u00e9nyt s\u00fctni?\"<\/a> H\u00e1t ki gondolta volna, hogy ez lesz bel\u0151le??[\/caption]\r\n[caption id=\"attachment_15894\" align=\"aligncenter\" width=\"400\"]<a href=\"https:\/\/maimoni.cafeblog.hu\/files\/2018\/07\/megnyito16.jpg\"><img class=\"wp-image-15894 size-large\" src=\"https:\/\/maimoni.cafeblog.hu\/files\/2018\/07\/megnyito16-400x600.jpg\" alt=\"\" width=\"400\" height=\"600\" \/><\/a> A m\u00e1sodig v\u00e1g\u00f3 G\u00e1bor, Bence fiam oszt\u00e1lyt\u00e1rsa, az egyik munkat\u00e1rsam \u00f6ccse - \u0151 csak \u00fagy, mert m\u00e1r f\u00e9l \u00e9ve jelentkezett erre a feladatra.[\/caption]\r\n[caption id=\"attachment_15891\" align=\"aligncenter\" width=\"400\"]<a href=\"https:\/\/maimoni.cafeblog.hu\/files\/2018\/07\/megnyito13.jpg\"><img class=\"wp-image-15891 size-large\" src=\"https:\/\/maimoni.cafeblog.hu\/files\/2018\/07\/megnyito13-400x600.jpg\" alt=\"\" width=\"400\" height=\"600\" \/><\/a> Nagyon meghat\u00f3 aj\u00e1nd\u00e9k: a zalaegerszegi k\u00e1v\u00e9laborosokt\u00f3l kaptuk :-)[\/caption]\r\n[caption id=\"attachment_15892\" align=\"aligncenter\" width=\"600\"]<a href=\"https:\/\/maimoni.cafeblog.hu\/files\/2018\/07\/megnyito14.jpg\"><img class=\"wp-image-15892 size-large\" src=\"https:\/\/maimoni.cafeblog.hu\/files\/2018\/07\/megnyito14-600x400.jpg\" alt=\"\" width=\"600\" height=\"400\" \/><\/a> Ez pedig egy m\u00e1sik d\u00edj, amelyre Peti, aki adta, azt mondta, hogy ez a Best of S\u00fcti-c\u00edm, az \u00e1ll ugyanis rajta, hogy BOS. Kicsit hosszabb faggat\u00e1sra el\u00e1rulta, hogy kutyaki\u00e1ll\u00edt\u00e1sokon ez a szalag j\u00e1r a legjobb ellenivar\u00fa kuty\u00e1nak (teh\u00e1t, ha a kutyaki\u00e1ll\u00edt\u00e1s-gy\u0151ztes eb mondjuk szuka, akkor megv\u00e1lasztj\u00e1k hozz\u00e1 a legszebb kant, \u00e9s \u00f6v\u00e9 ez a kit\u00fcntet\u00e9s).[\/caption]\r\n[caption id=\"attachment_15890\" align=\"aligncenter\" width=\"600\"]<a href=\"https:\/\/maimoni.cafeblog.hu\/files\/2018\/07\/megnyito12.jpg\"><img class=\"wp-image-15890 size-large\" src=\"https:\/\/maimoni.cafeblog.hu\/files\/2018\/07\/megnyito12-600x404.jpg\" alt=\"\" width=\"600\" height=\"404\" \/><\/a> Jobb oldalon \u00e9letem p\u00e1rja, aki a szerepl\u00e9st nem igaz\u00e1n kedveli, \u00e1m a feladatokb\u00f3l ann\u00e1l ink\u00e1bb kiveszi a r\u00e9sz\u00e9t. :-)[\/caption]\r\n[caption id=\"attachment_15893\" align=\"aligncenter\" width=\"600\"]<a href=\"https:\/\/maimoni.cafeblog.hu\/files\/2018\/07\/megnyito15.jpg\"><img class=\"wp-image-15893 size-large\" src=\"https:\/\/maimoni.cafeblog.hu\/files\/2018\/07\/megnyito15-600x400.jpg\" alt=\"\" width=\"600\" height=\"400\" \/><\/a> A nagykanizsai dr. Padl\u00f3 tulajdonosaival, akik n\u00e9lk\u00fcl tal\u00e1n m\u00e9g ma sem nyitottunk volna meg.[\/caption]\r\n<p>K\u00f6sz\u00f6nj\u00fck mindenkinek a sok-sok seg\u00edts\u00e9get, t\u00e1mogat\u00e1st, drukkol\u00e1st!<\/p>","type":"rich","thumbnail_url":"https:\/\/maimoni.cafeblog.hu\/files\/2018\/07\/megnyito1-150x150.jpg","thumbnail_width":150,"thumbnail_height":150}