{"version":"1.0","provider_name":"Mai M\u00f3ni","provider_url":"https:\/\/maimoni.cafeblog.hu","author_name":"maimoni","author_url":"https:\/\/maimoni.cafeblog.hu\/author\/maimoni-2\/","title":"Hunor \u00fajra itthon!","html":"<p>Hunor kicsit elkalandozott az ut\u00f3bbi id\u0151ben, pontosabban viszonylag sok id\u0151t t\u00f6lt\u00f6tt egy helyen, azt\u00e1n meg sok\u00e1ig is tartott egy-egy utaz\u00e1sa, ak\u00e1r 5-6 napot is az adott orsz\u00e1g(ok) post\u00e1j\u00e1ra volt b\u00edzva, \u00e9s h\u00e1t bizony nem egyszer komolyan agg\u00f3dtam, hogy elveszett.<\/p>\r\n<p>Nos, <a href=\"https:\/\/maimoni.cafeblog.hu\/2017\/06\/14\/merre-jar-hunor\/\">Grand Havenb\u0151l<\/a> p\u00e1r napra kiruccant New Yorkba; a vend\u00e9gl\u00e1t\u00f3 csal\u00e1d feje ugyanis \u00fczleti \u00fatra ment oda, \u00e9s elvitte mag\u00e1val a kis vil\u00e1gj\u00e1r\u00f3t.<\/p>\r\n<p><a href=\"https:\/\/maimoni.cafeblog.hu\/files\/2017\/07\/15933897_1330519820323268_1964410175_o.jpg\"><img class=\"aligncenter size-large wp-image-13683\" src=\"https:\/\/maimoni.cafeblog.hu\/files\/2017\/07\/15933897_1330519820323268_1964410175_o-450x600.jpg\" alt=\"\" width=\"450\" height=\"600\" \/><\/a><\/p>\r\n<p>Nehezen tudom elk\u00e9pzelni, amint az \u00fczleti \u00faton lev\u0151 apuka, mondjuk, \u00f6lt\u00f6ny-nyakkend\u0151ben ide-oda helyez egy kiss\u00e9 megviselt pl\u00fcss\u00e1llatot, majd f\u00e9nyk\u00e9pet k\u00e9sz\u00edt r\u00f3la - de valami ilyesmi t\u00f6rt\u00e9nt...:-) Na j\u00f3, lehet, hogy akkor m\u00e1r nem \u00f6lt\u00f6ny-nyakkend\u0151ben. Hunor a Rockefeller Centert mindenesetre j\u00f3l megn\u00e9zte, k\u00e9t oldalr\u00f3l is. <a href=\"https:\/\/maimoni.cafeblog.hu\/files\/2017\/07\/15935163_1330518453656738_1004565183_o.jpg\"><img class=\"aligncenter size-large wp-image-13684\" src=\"https:\/\/maimoni.cafeblog.hu\/files\/2017\/07\/15935163_1330518453656738_1004565183_o-450x600.jpg\" alt=\"\" width=\"450\" height=\"600\" \/><\/a><\/p>\r\n<p>K\u00e9sz\u00fclt r\u00f3la fot\u00f3 a Grand Central Terminal-on, azaz a k\u00f6zponti p\u00e1lyaudvaron. L\u00e1tt\u00e1tok a Madagaszk\u00e1rt? <a href=\"https:\/\/maimoni.cafeblog.hu\/files\/2017\/07\/15935539_1330519376989979_845746376_o.jpg\"><img class=\"aligncenter size-large wp-image-13685\" src=\"https:\/\/maimoni.cafeblog.hu\/files\/2017\/07\/15935539_1330519376989979_845746376_o-600x450.jpg\" alt=\"\" width=\"600\" height=\"450\" \/><\/a><\/p>\r\n<p>\"Udvar, \u00e9s ez a p\u00e1lya\" - mondja Marty, a zebra, Melman, a zsir\u00e1f pedig a k\u00e9pen is l\u00e1that\u00f3 \u00f3r\u00e1t fejeli le. <a href=\"https:\/\/maimoni.cafeblog.hu\/files\/2017\/07\/15941943_1330521140323136_681511379_n.jpg\"><img class=\"aligncenter size-large wp-image-13686\" src=\"https:\/\/maimoni.cafeblog.hu\/files\/2017\/07\/15941943_1330521140323136_681511379_n-600x450.jpg\" alt=\"\" width=\"600\" height=\"450\" \/><\/a><\/p>\r\n<p>Csak szer\u00e9nyen a Hudson-\u00f6n...<a href=\"https:\/\/maimoni.cafeblog.hu\/files\/2017\/07\/15942132_1330521103656473_1973058573_n.jpg\"><img class=\"aligncenter size-large wp-image-13687\" src=\"https:\/\/maimoni.cafeblog.hu\/files\/2017\/07\/15942132_1330521103656473_1973058573_n-600x450.jpg\" alt=\"\" width=\"600\" height=\"450\" \/><\/a><\/p>\r\n<p>Ennyi k\u00e9p k\u00e9sz\u00fclt New Yorkban, \u00e9s azt\u00e1n szint\u00e9n Lacinak k\u00f6sz\u00f6nhet\u0151en Pekinget is megj\u00e1rta Hunor, ott azonban a g\u00e9pek \u00f6ssze-vissza k\u00e9s\u00e9s\u00e9nek k\u00f6sz\u00f6nhet\u0151en nem ker\u00fclt el\u0151 a b\u0151r\u00f6ndb\u0151l, \u00edgy a k\u00ednai utaz\u00e1st f\u00e9nyk\u00e9pekkel nem tudom bemutatni. Visszat\u00e9rve Grand Havenbe, egy utols\u00f3 fot\u00f3 k\u00e9sz\u00fclt vele a posta el\u0151tt, \u00e9s bor\u00edt\u00e9kba sz\u00e1llt.<\/p>\r\n<p><a href=\"https:\/\/maimoni.cafeblog.hu\/files\/2017\/07\/15942869_1330518350323415_184796357_o.jpg\"><img class=\"aligncenter size-large wp-image-13688\" src=\"https:\/\/maimoni.cafeblog.hu\/files\/2017\/07\/15942869_1330518350323415_184796357_o-450x600.jpg\" alt=\"\" width=\"450\" height=\"600\" \/><\/a>Meg sem \u00e1llt Egerig, ahol \u00c1gnes fogadta.<\/p>\r\n<p>Mostant\u00f3l hazai kalandoz\u00e1sok k\u00f6vetkeznek.<\/p>\r\n<p><a href=\"https:\/\/maimoni.cafeblog.hu\/files\/2017\/07\/15933897_1330519820323268_1964410175_o-1.jpg\"><img class=\"aligncenter size-large wp-image-13689\" src=\"https:\/\/maimoni.cafeblog.hu\/files\/2017\/07\/15933897_1330519820323268_1964410175_o-1-600x600.jpg\" alt=\"\" width=\"600\" height=\"600\" \/><\/a>Itt megn\u00e9zheted, merre j\u00e1rt m\u00e1r Hunor, a Facebook-oldal\u00e1n pedig k\u00f6vetheted is.<\/p>\r\n<p><iframe src=\"https:\/\/www.google.com\/maps\/d\/u\/0\/embed?mid=1U4Ncl55KNEIBVit8ChAq9xDSzg0\" width=\"640\" height=\"480\"><\/iframe><\/p>","type":"rich","thumbnail_url":"https:\/\/maimoni.cafeblog.hu\/files\/2017\/07\/15935539_1330519376989979_845746376_o-150x150.jpg","thumbnail_width":150,"thumbnail_height":150}