{"version":"1.0","provider_name":"Mai M\u00f3ni","provider_url":"https:\/\/maimoni.cafeblog.hu","author_name":"maimoni","author_url":"https:\/\/maimoni.cafeblog.hu\/author\/maimoni-2\/","title":"B\u00e9k\u00e9s \u00fcnnepek","html":"<p>Az idei kar\u00e1csonyunk fantasztikusra siker\u00fclt, mondom ezt most hat\u00e1rozottan, hogy m\u00e1r csak p\u00e1r \u00f3ra van h\u00e1tra bel\u0151le. Alig volt benne idegesked\u00e9s \u00e9s kapkod\u00e1s, tal\u00e1n j\u00f6v\u0151re m\u00e1r ki tudjuk k\u00fcsz\u00f6b\u00f6lni azokat az \u00e9rz\u00e9keny pontokat is, amelyek az idei \u00e9vben okoztak n\u00e9mi s\u00farl\u00f3d\u00e1st.<\/p>\r\n<p>Nagyon tetszett p\u00e9ld\u00e1ul, amit az egyik blogon olvastam: \u0151k a t\u00e1gabb csal\u00e1ddal valamikor k\u00e9s\u0151 \u0151sszel \"kih\u00fazz\u00e1k egym\u00e1st\", azaz mindenkinek lesz egy valakije, akit\u0151l majd aj\u00e1nd\u00e9kot kap. Az a valaki igyekszik megtudakolni, mire v\u00e1gyik az illet\u0151, \u00e9s azt a bizonyos aj\u00e1nd\u00e9kot beszerezni kar\u00e1csonyra. \u00cdgy nincs csal\u00f3d\u00e1s, \u00e9s rohang\u00e1l\u00e1s sincs, hogy a Manyi n\u00e9ninek m\u00e9g nem vettem semmit, j\u00f3 \u00e9g, mi lesz, mert a Manyi n\u00e9ninek is megvan a maga \"angyalk\u00e1ja\", akit\u0151l majd aj\u00e1nd\u00e9kot kap.<\/p>\r\n<p>Nekem ez szimpatikus, szerintem sok csal\u00e1dban v\u00e1lhat az \u00f6tlet a nyugalom forr\u00e1s\u00e1v\u00e1.<\/p>\r\n<p><a href=\"https:\/\/maimoni.cafeblog.hu\/files\/2015\/12\/aa4.jpg\"><img class=\"aligncenter wp-image-10690 size-large\" src=\"https:\/\/maimoni.cafeblog.hu\/files\/2015\/12\/aa4-e1451151497687-400x600.jpg\" alt=\"aa4\" width=\"400\" height=\"600\" \/><\/a>N\u00e1lunk az t\u00f6rt\u00e9nt, hogy a nagysz\u00fcl\u0151k p\u00e9nzt adtak, mindenkire jutott egy bizonyos \u00f6sszeg, aminek egy r\u00e9sz\u00e9t egy k\u00f6z\u00f6sen megejtett nagybev\u00e1s\u00e1rl\u00e1s sor\u00e1n k\u00f6lt\u00f6tt\u00fck el: mindenki v\u00e1laszthatott, amit akart. A marad\u00e9kb\u00f3l vett\u00fcnk p\u00e1r meglepet\u00e9st, mert az\u00e9rt m\u00e9gis, illetve hagytunk a k\u00f6z\u00f6s kar\u00e1csonyi programra n\u00e9mi fedezetet: 25-\u00e9n ugyanis \u00e9tteremben eb\u00e9delt\u00fcnk, azt\u00e1n a zalakarosi f\u00fcrd\u0151ben ejt\u0151zt\u00fcnk eg\u00e9sz d\u00e9lut\u00e1n. 26-\u00e1n j\u00f6tt a csal\u00e1d, m\u00e9ghozz\u00e1 sokan, \u00f6sszesen 18-an voltunk, de mindenki hozott ezt-azt, \u00edgy annyi ennival\u00f3 gy\u0171lt \u00f6ssze, hogy a tartal\u00e9kba bep\u00e1colt n\u00e9gy kil\u00f3 csirkemellhez m\u00e9g hozz\u00e1 sem ny\u00faltunk.<\/p>\r\n<p><a href=\"https:\/\/maimoni.cafeblog.hu\/files\/2015\/12\/a71.jpg\"><img class=\"aligncenter size-large wp-image-10684\" src=\"https:\/\/maimoni.cafeblog.hu\/files\/2015\/12\/a71-600x400.jpg\" alt=\"a7\" width=\"600\" height=\"400\" \/><\/a>Amit szeretn\u00e9k megmutatni: vettem k\u00e9t t\u00e1rsasj\u00e1t\u00e9kot, ami kiv\u00e1l\u00f3 v\u00e1laszt\u00e1snak bizonyult, \u00e9s remek\u00fcl sz\u00f3rakoztunk. Az egyik a Sztorikocka.<\/p>\r\n<p><a href=\"https:\/\/maimoni.cafeblog.hu\/files\/2015\/12\/a72.jpg\"><img class=\"aligncenter size-large wp-image-10685\" src=\"https:\/\/maimoni.cafeblog.hu\/files\/2015\/12\/a72-600x400.jpg\" alt=\"a7\" width=\"600\" height=\"400\" \/><\/a>Nos, \u00e9n a neten rendeltem a j\u00e1t\u00e9kot, \u00e9s azt hittem, ez egy \u00e1tlag t\u00e1rsasj\u00e1t\u00e9k m\u00e9ret\u0171 doboz, ehhez k\u00e9pest alig tal\u00e1ltam meg a csomag alj\u00e1n, lehet, ha j\u00e1t\u00e9kboltban l\u00e1tom, meg sem veszem. De pont ez az el\u0151nye: kicsi, \u00edgy b\u00e1rhov\u00e1 magunkkal vihetj\u00fck. Mi is elvitt\u00fck az \u00e9tterembe, ahol eb\u00e9delt\u00fcnk, \u00e9s nagyon moder\u00e1lnunk kellett magunkat, mert m\u00e1r-m\u00e1r vinnyogva nevetve cs\u00fasztunk be az asztal al\u00e1, mik\u00f6zben egym\u00e1snak pisszegt\u00fcnk, hogy az\u00e9rt a t\u00f6bbi vend\u00e9get m\u00e9gse zavarjuk - pedig csak az id\u0151t akartuk el\u00fctni, am\u00edg az \u00e9telre v\u00e1runk.<\/p>\r\n<p><a href=\"https:\/\/maimoni.cafeblog.hu\/files\/2015\/12\/aa41.jpg\"><img class=\"aligncenter size-full wp-image-10691\" src=\"https:\/\/maimoni.cafeblog.hu\/files\/2015\/12\/aa41.jpg\" alt=\"aa4\" width=\"425\" height=\"239\" \/><\/a>\u00dagy j\u00e1tszottuk, hogy kiraktuk az asztal k\u00f6zep\u00e9re az \u00f6sszes kock\u00e1t, amelyek minden oldal\u00e1n valamif\u00e9le \u00e1bra van. Az els\u0151 j\u00e1t\u00e9kos felemelte az egyik kock\u00e1t, \u00e9s az alj\u00e1n lev\u0151 \u00e1br\u00e1t belesz\u0151tte egy \u00e1ltala elkezdett t\u00f6rt\u00e9netbe, amit \u00fagy ind\u00edtott, hogy \"egyszer volt, hol nem volt\". P\u00e1r mondatot mondott, majd a k\u00f6vetkez\u0151 j\u00e1t\u00e9kos emelt fel egy kock\u00e1t, \u00e9s szint\u00e9n az alj\u00e1n lev\u0151 \u00e1br\u00e1t sz\u0151tte bele a t\u00f6rt\u00e9net folytat\u00e1s\u00e1ba. \u00cdgy alakult a sztori p\u00e1r mondatonk\u00e9nt \u00fajabb \u00e9s \u00fajabb fordulatokat v\u00e9ve, sok-sok vicces elemmel b\u0151v\u00edtve.<\/p>\r\n<p>A m\u00e1sik j\u00e1t\u00e9k a Dobble. Szint\u00e9n el\u0151nye, hogy kicsi, aut\u00f3ban is j\u00e1tszhatj\u00e1k a gyerekek, addig sem okosk\u00fcty\u00fct nyomkodnak.<\/p>\r\n<p><img class=\"aligncenter size-large wp-image-10687\" src=\"https:\/\/maimoni.cafeblog.hu\/files\/2015\/12\/a73-600x394.jpg\" alt=\"a7\" width=\"600\" height=\"394\" \/>A legegyszer\u0171bb j\u00e1t\u00e9km\u00f3dot v\u00e1lasztottuk: <br \/>Mindenki kap egy k\u00e1rty\u00e1t, amit a k\u00e9pekkel felfel\u00e9 (teh\u00e1t nem \u00fagy, mint a k\u00e1rtyaj\u00e1t\u00e9kokn\u00e1l) maga el\u00e9 tesz. K\u00f6z\u00e9pre tessz\u00fck a marad\u00e9k k\u00e1rty\u00e1kat, szint\u00e9n a sz\u00ednes k\u00e9pekkel felfel\u00e9. Indul a j\u00e1t\u00e9k: mindenki vizsg\u00e1lja a saj\u00e1t k\u00e1rty\u00e1j\u00e1t, \u00e9s a k\u00f6z\u00e9pre tett csomag tetej\u00e9n lev\u0151t, \u00e9s ha felfedezi, mi a k\u00f6z\u00f6s \u00e1bra a k\u00e9t k\u00e1rty\u00e1n azt hangosan kimondja, \u00e9s elveszi a fels\u0151 k\u00e1rty\u00e1t, a maga k\u00e1rty\u00e1j\u00e1ra teszi. \u00cdgy megy a j\u00e1t\u00e9k addig, am\u00edg el nem fogy a pakli - akin\u00e9l t\u00f6bb k\u00e1rtya van, az nyer. Nagyon vicces, hatalmas ord\u00edt\u00e1sok \u00e9s nevet\u00e9sek k\u00eds\u00e9rik.<\/p>\r\n<p>J\u00e1tszhatj\u00e1k ketten...<\/p>\r\n<p><a href=\"https:\/\/maimoni.cafeblog.hu\/files\/2015\/12\/a74.jpg\"><img class=\"aligncenter size-large wp-image-10688\" src=\"https:\/\/maimoni.cafeblog.hu\/files\/2015\/12\/a74-600x400.jpg\" alt=\"a7\" width=\"600\" height=\"400\" \/><\/a>...vagy ak\u00e1r heten is. Igaz, ez m\u00e1r hatalmas hangzavarral j\u00e1r.<\/p>\r\n<p><a href=\"https:\/\/maimoni.cafeblog.hu\/files\/2015\/12\/a75.jpg\"><img class=\"aligncenter size-large wp-image-10689\" src=\"https:\/\/maimoni.cafeblog.hu\/files\/2015\/12\/a75-600x400.jpg\" alt=\"a7\" width=\"600\" height=\"400\" \/><\/a>Mi a kedvenc t\u00e1rsasotok?<\/p>","type":"rich"}