{"version":"1.0","provider_name":"Mai M\u00f3ni","provider_url":"https:\/\/maimoni.cafeblog.hu","author_name":"maimoni","author_url":"https:\/\/maimoni.cafeblog.hu\/author\/maimoni-2\/","title":"20 \u00e9ve egy\u00fctt","html":"<p>Sokat gondolkodtam azon, hogy az ember ugye sz\u00fcletik egy csal\u00e1dba, ahova \u00f6r\u00f6kre tartozik, ami meghat\u00e1rozza az identit\u00e1s\u00e1t, m\u00e9gis, egyszer azt\u00e1n h\u00e1zast\u00e1rsa lesz, akivel - j\u00f3 esetben - sokkal t\u00f6bbet \u00e9l majd, mint a sz\u00fcleivel. Persze, a k\u00f6tel\u00e9k jellege is m\u00e1s.<\/p>\r\n<p>Furcsa belegondolni, hogy m\u00e1r h\u00fasz \u00e9ve h\u00e1zasok vagyunk, ezt \u00fcnnepelt\u00fck a minap gyerekeink (azaz N\u00f3ri, B\u00e1lint, Bence, Zs\u00f3fi), \u00e9s az \u00e9pp n\u00e1lunk nyaral\u00f3 unokates\u00f3, Hanna t\u00e1rsas\u00e1g\u00e1ban. Nagyon klassz kis \u00fcnneps\u00e9g volt, a gyerekek el\u0151bb elmentek az \u00e9tterembe, ahol vacsor\u00e1zni sz\u00e1nd\u00e9koztunk, d\u00edsz\u00edtettek, el\u0151k\u00e9sz\u00fcltek, \u00e9s: leveleket \u00edrtak nek\u00fcnk. Nagyon meghat\u00f3, kedves sorokat, amelyekben megk\u00f6sz\u00f6nt\u00e9k, hogy ilyen j\u00f3 fej sz\u00fcl\u0151k vagyunk... \u00cdr\u00e1sba adt\u00e1k, \u00fagyhogy biztos \u00edgy van. A levelek oda voltak k\u00e9sz\u00edtve az asztalra, am\u00edg v\u00e1rtunk az \u00e9telre, elolvastuk \u0151ket.<\/p>\r\n<p><a href=\"https:\/\/maimoni.cafeblog.hu\/files\/2015\/07\/a115.jpg\"><img class=\"aligncenter size-large wp-image-9849\" src=\"https:\/\/maimoni.cafeblog.hu\/files\/2015\/07\/a115-600x400.jpg\" alt=\"a1\" width=\"600\" height=\"400\" \/><\/a>Mivel h\u00fasz \u00e9v m\u00e9giscsak h\u00fasz \u00e9v, sokat gondolkodtam, milyen aj\u00e1nd\u00e9kot is adjak az \u00e9n emberemnek, akivel j\u00f3ban-rosszban, meg minden, sz\u00f3val, t\u00e9nyleg valami k\u00fcl\u00f6nlegeset szerettem volna. Eszembe jutott egy sztori, ami 19 \u00e9ve esett meg vel\u00fcnk; N\u00f3ri \u00e9pp megsz\u00fcletett, tal\u00e1n az els\u0151 alkalmak egyike volt, hogy any\u00e1mra hagytuk, mi pedig elment\u00fcnk Balatonf\u00fcredre moziba. M\u00e9g arra is eml\u00e9kszem, hogy a Deep Impact c\u00edm\u0171 filmet n\u00e9zt\u00fck meg. Mozi el\u0151tt a Balaton-parton s\u00e9t\u00e1ltunk, \u00e9s megsz\u00f3l\u00edtott benn\u00fcnket egy utcai rajzol\u00f3 t\u00e1rsas\u00e1gb\u00f3l egy fick\u00f3; elmondta, hogy fiatal k\u00e9pz\u0151m\u0171v\u00e9szek, itt rajzolnak egy h\u00f3napig F\u00fcrden, \u00e9s ha gondoljuk, valamelyik\u00fck k\u00e9sz\u00edt r\u00f3lunk egy j\u00f3 kis karikat\u00far\u00e1t. Fel is v\u00e1zolta az elk\u00e9pzel\u00e9s\u00e9t: emberem - aki ekkor m\u00e9g kifejezetten sov\u00e1ny, ugyanakkor 193 centi magas volt - \u00e1llna a Balatonban felt\u0171rt gaty\u00e1ban, hangs\u00falyozva v\u00e9konys\u00e1g\u00e1t, mondjuk kiugr\u00f3 t\u00e9rdkal\u00e1ccsal, j\u00f3l l\u00e1tsz\u00f3 bord\u00e1kkal, \u00e9s a karj\u00e1ban tartana engem - \u00e9ppen akkor is el\u00e9g j\u00f3 h\u00fasban voltam.<\/p>\r\n<p>B\u00e1r tetszett az \u00f6tlet, nem volt 3000 forintunk arra, hogy elk\u00e9sz\u00edttess\u00fck a k\u00e9pet. Sokszor meg is emlegett\u00fck az az\u00f3ta eltelt \u00e9vekben, hogy milyen k\u00e1r, \u00e9s eszembe jutott, hogy most, erre a nevezetes \u00e9vfordul\u00f3ra megrajzoltatom a karikat\u00far\u00e1t. A keszthelyi s\u00e9t\u00e1l\u00f3utc\u00e1n tal\u00e1ltam is karikat\u00fara-rajzol\u00f3t, aki - ugyan nem 3000-\u00e9rt - bev\u00e1llalta \u00f6r\u00f6mmel, f\u0151leg, miut\u00e1n elmes\u00e9ltem neki a sztorit.<\/p>\r\n<p>El\u00e9rkezett a nagy nap est\u00e9je, becsemp\u00e9sztem az \u00e9tterembe az aj\u00e1nd\u00e9komat, \u00e9s alig v\u00e1rtam, hogy \u00e1tadhassam. Elj\u00f6tt a pillanat, el\u0151hal\u00e1sztam a k\u00f6zelembe k\u00e9sz\u00edtett pap\u00edrt\u00e1sk\u00e1b\u00f3l ezt:<\/p>\r\n<p><a href=\"https:\/\/maimoni.cafeblog.hu\/files\/2015\/07\/fot\u00f3-214.jpg\"><img class=\"aligncenter wp-image-9848 size-large\" src=\"https:\/\/maimoni.cafeblog.hu\/files\/2015\/07\/fot\u00f3-214-e1437339675497-448x600.jpg\" alt=\"fot\u00f3 2(14)\" width=\"448\" height=\"600\" \/><\/a>Emberem k\u00f6zben a gyerekekkel hozatta be az \u0151 meglepet\u00e9s\u00e9t, majd \u00e1tadta ezt:<\/p>\r\n<p><a href=\"https:\/\/maimoni.cafeblog.hu\/files\/2015\/07\/fot\u00f3-112.jpg\"><img class=\"aligncenter size-large wp-image-9847\" src=\"https:\/\/maimoni.cafeblog.hu\/files\/2015\/07\/fot\u00f3-112-600x448.jpg\" alt=\"fot\u00f3 1(12)\" width=\"600\" height=\"448\" \/><\/a>Hogy finoman fogalmazzak, \u00e1ltal\u00e1nos tetsz\u00e9st aratott a k\u00e9t aj\u00e1nd\u00e9k, vis\u00edtva nevett\u00fcnk, tal\u00e1n f\u0151leg \u00e9n, mert hogy ezt nem gondoltam volna. L\u00e1tszik, hogy amit \u00e9n kaptam, az profibb munka, f\u00e9rjem szerint pedig az, hogy amit \u0151 kapott, azt n\u0151 rajzolta. Nem volt k\u00edm\u00e9letes velem...<\/p>\r\n<p><a href=\"https:\/\/maimoni.cafeblog.hu\/files\/2015\/07\/a24.jpg\"><img class=\"aligncenter size-large wp-image-9850\" src=\"https:\/\/maimoni.cafeblog.hu\/files\/2015\/07\/a24-600x400.jpg\" alt=\"a2\" width=\"600\" height=\"400\" \/><\/a><\/p>\r\n<p>Mit is mondhatn\u00e9k? H\u00fasz \u00e9v az h\u00fasz \u00e9v.<\/p>","type":"rich"}