{"version":"1.0","provider_name":"Mai M\u00f3ni","provider_url":"https:\/\/maimoni.cafeblog.hu","author_name":"maimoni","author_url":"https:\/\/maimoni.cafeblog.hu\/author\/maimoni-2\/","title":"Pihen\u00e9sk\u00e9pp","html":"Tudn\u00e9k receptet is \u00edrni, van egy j\u00f3 kis halas \u00e9telem, amit z\u00f6lds\u00e9ggel ehetnek a s\u00falycs\u00f6kkent\u0151s\u00f6k, kapros-t\u00far\u00f3s galusk\u00e1val meg a konzervat\u00edvok.\r\nDe azt majd holnap.\r\nK\u00e9s\u0151 van m\u00e1r, ma volt az egyetemen - utols\u00f3 tanul\u00f3s f\u00e9l\u00e9vem! - az els\u0151 nap, kimondottan \u00e9rdekes \u00f3r\u00e1ink voltak, \u00fagy mint utaz\u00e1si jog, <span>amelynek keret\u00e9ben egy csom\u00f3 \u00e9rdekes sztorit hallottunk, hogy milyen hajmereszt\u0151 esetek fordulhatnak el\u0151 egy-egy utaz\u00e1sszervez\u00e9s, illetve lebonyol\u00edt\u00e1s sor\u00e1n. P\u00e9ld\u00e1ul: n\u00e9met utaz\u00e1sszervez\u0151 tun\u00e9ziai programot hirdetett, amelyben lovast\u00fara is szerepelt. A t\u00fara sor\u00e1n az egyik l\u00f3 \u00f6sszeesett (tulajdonk\u00e9ppen el\u00e1jult, rossz eg\u00e9szs\u00e9gi \u00e1llap<span>ota miatt), lovas\u00e1t valahogy maga al\u00e1 temette, aki - sajn\u00e1latos m\u00f3don - meghalt. Az \u00f6r\u00f6k\u00f6s\u00f6k k\u00e1rt\u00e9r\u00edt\u00e9si ig\u00e9nnyel l\u00e9ptek fel a n\u00e9met utaz\u00e1sszervez\u0151vel szemben, aki viszont azt mondta, nem az \u00e9n lovaim voltak, haggy\u00e1m\u00e1. Mert h\u00e1t az a tun\u00e9ziai lovarda tulajdon\u00e1t k\u00e9pezte.\r\nSzerintetek a b\u00edr\u00f3s\u00e1g meg\u00edt\u00e9lte a k\u00e1rt\u00e9r\u00edt\u00e9st?<\/span><\/span>\r\n<span><span>Majd el\u00e1rulom, gondolkozzatok csak.<\/span><\/span>\r\n<span><span>Volt m\u00e9g olyan \u00f3r\u00e1nk azt\u00e1n, hogy t\u00e1pl\u00e1lkoz\u00e1s- \u00e9s \u00e9lelmez\u00e9stan, ami pontosan azt takarja, amit a neve m\u00f6g\u00e9 k\u00e9pzeltek. Tov\u00e1bb\u00e1 \u00e9letm\u00f3dtan\u00e1csad\u00e1s, mert nek\u00fcnk ilyen is van, bizony. \u00c9s el\u0151ad\u00f3nk meger\u0151s\u00edtette, amit \u00e9n is \u00edrtam kor\u00e1bban, hogy a di\u00e9ta r\u00f6vid t\u00e1von oldja meg a s\u00falyprobl\u00e9m\u00e1t, \u00e9letm\u00f3dv\u00e1lt\u00e1s kell. Azt\u00e1n kivet\u00edtett egy garfikont, amelynek az a l\u00e9nyege, hogy arr\u00f3l, hogy az ember milyen eg\u00e9szs\u00e9gi \u00e1llapotban van, 46 sz\u00e1zal\u00e9kban \u00f6nmaga tehet. Az \u00e1ltal, hogy milyen \u00e9letm\u00f3dot folytat. Persze, okolhat\u00f3 a genetika, a k\u00f6rnyezeti hat\u00e1sok, az eg\u00e9szs\u00e9g\u00fcgy helyzete, de igaz\u00e1b\u00f3l j\u00f3r\u00e9szt mi vagyunk a huny\u00f3k abban, ha valami nincs rendben a szervezet\u00fcnkben.<\/span><\/span>\r\n<span><span>No de.<\/span><\/span>\r\n<span><span>Az\u00e9rt adtam azt a c\u00edmet, hogy Pihen\u00e9sk\u00e9pp, mert meg szeretn\u00e9k mutatni valamit, ami m\u00e9g a ny\u00e1ron \u00e9rintett meg, csak valahogy elmaradt, hogy besz\u00e9ljek r\u00f3la.<\/span><\/span>\r\n<span><span>Augusztusban egy borfesztiv\u00e1los rendezv\u00e9nyen meglepet\u00e9semre valami olyasmit tal\u00e1ltunk, hogy \u00e9n csak \u00e1lltam ott f\u00f6ldbe gy\u00f6k\u00f6rezett l\u00e1bbal, t\u00e1tott sz\u00e1jjal, mert egyszer\u0171en leny\u0171g\u00f6z\u00f6tt, amit l\u00e1ttam, hallottam. Egy f\u00e9rfi harmonik\u00e1zott, \u00e9s tudtam r\u00f3la, hogy Zor\u00e1nnal szokott koncertezni, t\u00f6bbsz\u00f6r felfigyeltem egy-egy villan\u00e1s\u00e1ra a felv\u00e9teleken, de nem tudtam a nev\u00e9t. Csak \u00fagy emlegettem, hogy a Zor\u00e1n harmonik\u00e1sa.<\/span><\/span>\r\n<span><span>H\u00e1t, ott a koncerten ez\u00e9rt bocs\u00e1natot k\u00e9rtem t\u0151le magamban.<\/span><\/span>\r\n<span><span>Al\u00e1zattal, h\u00e1l\u00e1san j\u00e1tszott a k\u00fcl\u00f6n\u00f6sebben m\u0171\u00e9rt\u0151nek tal\u00e1n nem nevezhet\u0151 borfesztiv\u00e1los k\u00f6z\u00f6ns\u00e9g el\u0151tt, \u00e9s ez az al\u00e1zat, na meg a hihetetlen zenei tud\u00e1s, a k\u00f6nnyed j\u00e1t\u00e9k mindenkit elvar\u00e1zsolt. Vil\u00e1gsz\u00ednvonal\u00fa volt.<\/span><\/span>\r\n<span><span>Orosz Zolt\u00e1n volt az.\u00a0<\/span><\/span>\r\n<span><span>N\u00e9zz\u00e9tek, hallgass\u00e1tok.<\/span><\/span>\r\n<iframe src=\"\/\/www.youtube.com\/embed\/616qm06Wekk?rel=0\" height=\"304\" width=\"540\" frameborder=\"0\"><\/iframe>","type":"rich"}