{"version":"1.0","provider_name":"Mai M\u00f3ni","provider_url":"https:\/\/maimoni.cafeblog.hu","author_name":"maimoni","author_url":"https:\/\/maimoni.cafeblog.hu\/author\/maimoni-2\/","title":"Nem hallod? \u00dcv\u00f6lt\u00f6k!","html":"M\u00e9ghozz\u00e1 \u00f6r\u00f6m\u00f6mben!<br>Aki r\u00e9gebbi h\u0171s\u00e9ges olvas\u00f3m (nem \u00fagy, mint Andr\u00e1s s\u00f3gorom, aki tegnap vallotta be, hogy \"am\u00edg minden nap \u00edrt\u00e1l, minden nap olvastalak, most, hogy nem \u00edrsz minden nap, csak hetente egyszer\", h\u00e1t, sz\u00e9p dolog, mondhatom, \u00e9s z\u00e1r\u00f3jel bez\u00e1r), az tal\u00e1n eml\u00e9kszik r\u00e1, hogy bizony, az egyetemi tand\u00edjam befizet\u00e9se nem volt z\u00f6kken\u0151mentesnek nevezhet\u0151 egyik alkalommal sem. (Aki \u00faj olvas\u00f3m, \u00e9s nem tudja, hogy egyetemre j\u00e1rok, annak mondom: itt, a keszthelyi Georgikonon tanulok, turizmus-vend\u00e9gl\u00e1t\u00e1s szakon. Most leszek m\u00e1sod\u00e9ves.)<br>Sz\u00f3val, tal\u00e1n n\u00e9melyeknek az is r\u00e9mlik, hogy a m\u00e1sodik f\u00e9l\u00e9vet befejezve tettem r\u00e1 utal\u00e1st, hogy szeretn\u00e9k \u00e1tjelentkezni az \u00e1llamilag finansz\u00edrozottra, ennek sikeress\u00e9ge az \u00e9vfolyam t\u00f6bbi \u00e1llamis hallgat\u00f3j\u00e1nak \u00e1tlag\u00e1t\u00f3l f\u00fcgg, illetve az eny\u00e9mt\u0151l, az \u00f6v\u00e9khez viszony\u00edtva. A k\u00e9rv\u00e9nyt j\u00faniusban beadtam, ahogy kellett, \u00e9s nem \u00e9rkezett semmi v\u00e1lasz. Juli koll\u00e9gan\u0151m k\u00e9rdezte ma, hogy \"\u00e9s az egyetem mikor kezd\u0151dik?\" - h\u0171, mondtam, j\u00f3, hogy k\u00e9rdezed, nem is tudom. Megn\u00e9ztem a neten ebben a bizonyos egys\u00e9ges tanulm\u00e1nyi rendszerben, a Neptunban, hogy van-e valami tudnival\u00f3 ezzel kapcsolatban, \u00e9s akkor l\u00e1tom \u00e1m, hogy az adataimn\u00e1l a k\u00e9pz\u00e9si forma rovatban a 3. f\u00e9l\u00e9vn\u00e9l az \u00e1ll: \u00e1llamilag finansz\u00edrozott.<br>\u00c1TVETTEK!<br><br>De hogy mikor kezd\u0151dik az egyetem... azt el is felejtettem megn\u00e9zni...<br><br><br>","type":"rich"}